{"id":3711,"date":"2025-11-01T10:07:38","date_gmt":"2025-11-01T09:07:38","guid":{"rendered":"https:\/\/www.classicsontheroad.com\/title\/spring-tour-to-extremadura-19-03-2026\/"},"modified":"2025-11-25T14:42:24","modified_gmt":"2025-11-25T13:42:24","slug":"spring-tour-to-extremadura-19-03-2026","status":"publish","type":"video_skrn","link":"https:\/\/www.classicsontheroad.com\/es\/title\/spring-tour-to-extremadura-19-03-2026\/","title":{"rendered":"TOUR POR EXTREMADURA EN PRIMAVERA #19\/03\/2026"},"content":{"rendered":"\n<p id=\"DOURO-OPEN-TOUR\">PARA JAGUAR E-TYPE &amp; JAGUAR XK<\/p>\n\n\n\n<p>Marzo 19-28, 2026<\/p>\n\n\n\n<div class=\"wp-block-columns caracteristicas-rutas is-layout-flex wp-container-core-columns-is-layout-9d6595d7 wp-block-columns-is-layout-flex\">\n<div class=\"wp-block-column is-layout-flow wp-block-column-is-layout-flow\">\n<figure class=\"wp-block-image size-full\"><img fetchpriority=\"high\" decoding=\"async\" width=\"512\" height=\"512\" src=\"https:\/\/www.classicsontheroad.com\/wp-content\/uploads\/2024\/04\/calendar.png\" alt=\"\" class=\"wp-image-2018\" srcset=\"https:\/\/www.classicsontheroad.com\/wp-content\/uploads\/2024\/04\/calendar.png 512w, https:\/\/www.classicsontheroad.com\/wp-content\/uploads\/2024\/04\/calendar-300x300.png 300w, https:\/\/www.classicsontheroad.com\/wp-content\/uploads\/2024\/04\/calendar-150x150.png 150w\" sizes=\"(max-width: 512px) 100vw, 512px\" \/><\/figure>\n\n\n\n<h2 class=\"wp-block-heading has-text-align-center subtitulo-caracteristica\" style=\"font-size:16px\"><strong>Fecha:<\/strong><\/h2>\n\n\n\n<p class=\"has-text-align-center parrafo-caracteristica\">Jueves, Marzo 19 al<\/p>\n\n\n\n<p class=\"has-text-align-center parrafo-caracteristica\">S\u00e1bado, Marzo 28<\/p>\n<\/div>\n\n\n\n<div class=\"wp-block-column is-layout-flow wp-block-column-is-layout-flow\">\n<figure class=\"wp-block-image size-full\"><img decoding=\"async\" width=\"512\" height=\"512\" src=\"https:\/\/www.classicsontheroad.com\/wp-content\/uploads\/2024\/04\/globe.png\" alt=\"\" class=\"wp-image-2016\" srcset=\"https:\/\/www.classicsontheroad.com\/wp-content\/uploads\/2024\/04\/globe.png 512w, https:\/\/www.classicsontheroad.com\/wp-content\/uploads\/2024\/04\/globe-300x300.png 300w, https:\/\/www.classicsontheroad.com\/wp-content\/uploads\/2024\/04\/globe-150x150.png 150w\" sizes=\"(max-width: 512px) 100vw, 512px\" \/><\/figure>\n\n\n\n<h2 class=\"wp-block-heading has-text-align-center subtitulo-caracteristica\" style=\"font-size:16px\"><strong>Pa\u00eds:<\/strong><\/h2>\n\n\n\n<p class=\"has-text-align-center\">Espa\u00f1a<\/p>\n<\/div>\n\n\n\n<div class=\"wp-block-column is-layout-flow wp-block-column-is-layout-flow\">\n<figure class=\"wp-block-image size-full\"><img decoding=\"async\" width=\"512\" height=\"512\" src=\"https:\/\/www.classicsontheroad.com\/wp-content\/uploads\/2024\/04\/location.png\" alt=\"\" class=\"wp-image-2014\" srcset=\"https:\/\/www.classicsontheroad.com\/wp-content\/uploads\/2024\/04\/location.png 512w, https:\/\/www.classicsontheroad.com\/wp-content\/uploads\/2024\/04\/location-300x300.png 300w, https:\/\/www.classicsontheroad.com\/wp-content\/uploads\/2024\/04\/location-150x150.png 150w\" sizes=\"(max-width: 512px) 100vw, 512px\" \/><\/figure>\n\n\n\n<h2 class=\"wp-block-heading has-text-align-center subtitulo-caracteristica\" style=\"font-size:16px\"><strong>Comienza en:<\/strong><\/h2>\n\n\n\n<p class=\"has-text-align-center parrafo-caracteristica\">Valladolid<\/p>\n<\/div>\n\n\n\n<div class=\"wp-block-column is-layout-flow wp-block-column-is-layout-flow\">\n<figure class=\"wp-block-image size-full\"><img loading=\"lazy\" decoding=\"async\" width=\"512\" height=\"512\" src=\"https:\/\/www.classicsontheroad.com\/wp-content\/uploads\/2024\/04\/miles.png\" alt=\"\" class=\"wp-image-2012\" srcset=\"https:\/\/www.classicsontheroad.com\/wp-content\/uploads\/2024\/04\/miles.png 512w, https:\/\/www.classicsontheroad.com\/wp-content\/uploads\/2024\/04\/miles-300x300.png 300w, https:\/\/www.classicsontheroad.com\/wp-content\/uploads\/2024\/04\/miles-150x150.png 150w\" sizes=\"(max-width: 512px) 100vw, 512px\" \/><\/figure>\n\n\n\n<h2 class=\"wp-block-heading has-text-align-center subtitulo-caracteristica\" style=\"font-size:16px\"><strong>Kms<\/strong><\/h2>\n\n\n\n<p class=\"has-text-align-center parrafo-caracteristica\">1.850 Kms<\/p>\n<\/div>\n<\/div>\n\n\n\n<figure class=\"wp-block-image size-full caracteristicas-rutas_linea\"><img loading=\"lazy\" decoding=\"async\" width=\"1320\" height=\"36\" src=\"https:\/\/www.classicsontheroad.com\/wp-content\/uploads\/2024\/04\/Group-1-1.png\" alt=\"\" class=\"wp-image-1288\" srcset=\"https:\/\/www.classicsontheroad.com\/wp-content\/uploads\/2024\/04\/Group-1-1.png 1320w, https:\/\/www.classicsontheroad.com\/wp-content\/uploads\/2024\/04\/Group-1-1-300x8.png 300w, https:\/\/www.classicsontheroad.com\/wp-content\/uploads\/2024\/04\/Group-1-1-1024x28.png 1024w, https:\/\/www.classicsontheroad.com\/wp-content\/uploads\/2024\/04\/Group-1-1-768x21.png 768w\" sizes=\"(max-width: 1320px) 100vw, 1320px\" \/><\/figure>\n\n\n\n<div class=\"wp-block-columns is-layout-flex wp-container-core-columns-is-layout-9d6595d7 wp-block-columns-is-layout-flex\">\n<div class=\"wp-block-column video_description-column1 is-layout-flow wp-block-column-is-layout-flow\" style=\"flex-basis:66.67%\">\n<p>Este recorrido de 10 d\u00edas y 9 noches est\u00e1 dise\u00f1ado exclusivamente para propietarios y entusiastas de los ic\u00f3nicos Jaguar E-Type y Jaguar XK Club. El tour comienza con agradables trayectos a trav\u00e9s de los amplios paisajes de Castilla, rumbo a la majestuosa Sierra de Gredos, donde las sinuosas carreteras de monta\u00f1a y las vistas panor\u00e1micas te dan la bienvenida al coraz\u00f3n de Espa\u00f1a.<\/p>\n\n\n\n<p>Desde all\u00ed, se visitar\u00e1 la reconocida granja org\u00e1nica de foie gras De Sousa, hogar del foie \u00e9tico m\u00e1s fino del mundo.<\/p>\n\n\n\n<p>El viaje contin\u00faa hacia el sur, atravesando los paisajes surrealistas y ricos en minerales del R\u00edo Tinto, hasta llegar a las orillas atl\u00e1nticas de Punta Umbr\u00eda, donde disfrutar\u00e1s de un pintoresco recorrido costero al m\u00e1s puro estilo Jaguar. Descubre la maravilla natural de la Gruta de las Maravillas en Aracena, antes de visitar una tradicional finca de Jam\u00f3n Ib\u00e9rico 5J, donde te espera una cata privada en pleno coraz\u00f3n de la dehesa.<\/p>\n\n\n\n<p>En M\u00e9rida, recorre siglos de historia con una visita guiada por ruinas romanas, templos y teatros que evocan la grandeza de la antig\u00fcedad. Tras explorar Extremadura y su rica herencia, nos dirigiremos a Segovia, ciudad declarada Patrimonio de la Humanidad por la UNESCO, antes de concluir el recorrido en el coraz\u00f3n de La Rioja.<\/p>\n\n\n\n<p>Esto no es solo un viaje: es un tributo al arte de viajar, a la cultura espa\u00f1ola y al puro placer de conducir no simplemente un veh\u00edculo, sino un aut\u00e9ntico cl\u00e1sico.<\/p>\n\n\n\n<p><\/p>\n\n\n\n<p><\/p>\n<\/div>\n\n\n\n<div class=\"wp-block-column is-layout-flow wp-block-column-is-layout-flow\" style=\"flex-basis:33.33%\">\n<h2 class=\"wp-block-heading\">Precio<\/h2>\n\n\n\n<p><strong>3.995 \u20ac<\/strong>\/Per person in a double\/twin room<\/p>\n\n\n\n<p><strong>4.995\u20ac<\/strong>\/Per person in a single room<\/p>\n\n\n\n<div class=\"wp-block-group is-layout-grid wp-container-core-group-is-layout-a048db89 wp-block-group-is-layout-grid\">\n<div class=\"wp-block-buttons is-content-justification-center is-layout-flex wp-container-core-buttons-is-layout-5e6b19ed wp-block-buttons-is-layout-flex\">\n<div class=\"wp-block-button has-custom-width wp-block-button__width-100 wrapper-button-inka\"><a class=\"wp-block-button__link has-text-align-center wp-element-button\" href=\"#contact\">CONTACT<\/a><\/div>\n<\/div>\n\n\n\n<div class=\"wp-block-buttons is-content-justification-center is-layout-flex wp-container-core-buttons-is-layout-5e6b19ed wp-block-buttons-is-layout-flex\">\n<div class=\"wp-block-button has-custom-width wp-block-button__width-100 wrapper-button-inka\"><a class=\"wp-block-button__link has-text-align-center wp-element-button\" href=\"https:\/\/pci.jotform.com\/form\/253282731198361\" target=\"_blank\" rel=\"noreferrer noopener\">RESERVE AQUI<\/a><\/div>\n<\/div>\n<\/div>\n<\/div>\n<\/div>\n\n\n\n<div class=\"wp-block-group bloqueMapaCondicion\"><div class=\"wp-block-group__inner-container is-layout-constrained wp-block-group-is-layout-constrained\">\n<div class=\"wp-block-columns is-layout-flex wp-container-core-columns-is-layout-9d6595d7 wp-block-columns-is-layout-flex\">\n<div class=\"wp-block-column is-vertically-aligned-center is-layout-flow wp-block-column-is-layout-flow\" style=\"flex-basis:33.33%\">\n<h2 class=\"wp-block-heading has-text-align-left subtitulo-ruta\">LOCALIZACIONES<\/h2>\n<\/div>\n\n\n\n<div class=\"wp-block-column is-vertically-aligned-center is-layout-flow wp-block-column-is-layout-flow\" style=\"flex-basis:66.66%\">\n<hr class=\"classics_dashed-line\" \/>\n<\/div>\n<\/div>\n\n\n\n<div class=\"wp-block-group mapa\"><div class=\"wp-block-group__inner-container is-layout-constrained wp-block-group-is-layout-constrained\">\n<iframe src=\"https:\/\/www.google.com\/maps\/d\/embed?mid=1TtB2q5bwhPlhWSVQh0HkfKpBUJrzhGY&#038;ehbc=2E312F\" width=\"100%\" height=\"480\"><\/iframe>\n<\/div><\/div>\n<\/div><\/div>\n\n\n\n<div class=\"wp-block-group bloqueCondicion mapaYcondiciones springtourextremadura2026\"><div class=\"wp-block-group__inner-container is-layout-constrained wp-block-group-is-layout-constrained\">\n<div class=\"wp-block-group anadido bloqueCondicionWidth\"><div class=\"wp-block-group__inner-container is-layout-constrained wp-block-group-is-layout-constrained\">\n<div class=\"wp-block-columns condition-and-content-inka is-layout-flex wp-container-core-columns-is-layout-9d6595d7 wp-block-columns-is-layout-flex\">\n<div class=\"wp-block-column is-vertically-aligned-top pay-condition-column-inka is-layout-flow wp-block-column-is-layout-flow\">\n<div class=\"wp-block-group\"><div class=\"wp-block-group__inner-container is-layout-constrained wp-block-group-is-layout-constrained\"><div class=\"wp-block-image\">\n<figure class=\"aligncenter size-full is-resized\"><img loading=\"lazy\" decoding=\"async\" width=\"512\" height=\"512\" src=\"https:\/\/www.classicsontheroad.com\/wp-content\/uploads\/2024\/04\/pay-cond.png\" alt=\"\" class=\"wp-image-2026\" style=\"width:120px\" srcset=\"https:\/\/www.classicsontheroad.com\/wp-content\/uploads\/2024\/04\/pay-cond.png 512w, https:\/\/www.classicsontheroad.com\/wp-content\/uploads\/2024\/04\/pay-cond-300x300.png 300w, https:\/\/www.classicsontheroad.com\/wp-content\/uploads\/2024\/04\/pay-cond-150x150.png 150w\" sizes=\"(max-width: 512px) 100vw, 512px\" \/><\/figure>\n<\/div><\/div><\/div>\n\n\n\n<h2 class=\"wp-block-heading has-text-align-center\">Condiciones de pago<\/h2>\n\n\n\n<p class=\"has-text-align-center\">Manifiesta tu inter\u00e9s en el evento inscribi\u00e9ndote de inmediato y realizando un dep\u00f3sito totalmente reembolsable de 200 \u20ac, ya que las plazas son limitadas.<\/p>\n\n\n\n<ul class=\"wp-block-list\">\n<li>Se dar\u00e1 prioridad a las primeras 15 inscripciones, siempre que el dep\u00f3sito se haya abonado antes de la fecha l\u00edmite.<\/li>\n\n\n\n<li>Un dep\u00f3sito del 40 % deber\u00e1 abonarse antes del 20 de diciembre de 2025.<\/li>\n\n\n\n<li>El saldo restante deber\u00e1 pagarse dos meses antes del inicio del tour.<\/li>\n\n\n\n<li><a href=\"http:\/\/classicsontheroad.com\/download\/GENERAL_CONDITIONS.pdf\" target=\"_blank\" rel=\"noreferrer noopener\"><strong>GENERAL CONDITIONS<\/strong><\/a>&nbsp;y&nbsp;<a href=\"http:\/\/classicsontheroad.com\/download\/DATA_PROTECTION_POLICY.pdf\" target=\"_blank\" rel=\"noreferrer noopener\"><strong>PRIVACY POLICY<\/strong><\/a>.<\/li>\n<\/ul>\n<\/div>\n\n\n\n<div class=\"wp-block-column what-include-inka is-layout-flow wp-block-column-is-layout-flow\">\n<div class=\"wp-block-group\"><div class=\"wp-block-group__inner-container is-layout-constrained wp-block-group-is-layout-constrained\"><div class=\"wp-block-image\">\n<figure class=\"aligncenter size-full is-resized\"><img loading=\"lazy\" decoding=\"async\" width=\"512\" height=\"512\" src=\"https:\/\/www.classicsontheroad.com\/wp-content\/uploads\/2024\/04\/included.png\" alt=\"\" class=\"wp-image-2028\" style=\"width:120px\" srcset=\"https:\/\/www.classicsontheroad.com\/wp-content\/uploads\/2024\/04\/included.png 512w, https:\/\/www.classicsontheroad.com\/wp-content\/uploads\/2024\/04\/included-300x300.png 300w, https:\/\/www.classicsontheroad.com\/wp-content\/uploads\/2024\/04\/included-150x150.png 150w\" sizes=\"(max-width: 512px) 100vw, 512px\" \/><\/figure>\n<\/div><\/div><\/div>\n\n\n\n<h2 class=\"wp-block-heading has-text-align-center\">\u00bfQu\u00e9 incluye?<\/h2>\n\n\n\n<ul class=\"wp-block-list\">\n<li>9 noches en hoteles cuidadosamente seleccionados de 4 y 5 estrellas<\/li>\n\n\n\n<li>8 cenas y 3 almuerzos (bebidas y vino incluidos)<\/li>\n\n\n\n<li>Visita a una granja org\u00e1nica con almuerzo (bebidas y vino incluidos) y recorrido por las minas de R\u00edo Tinto, un paisaje \u00fanico<\/li>\n\n\n\n<li>Visita guiada a la impresionante Gruta de las Maravillas en Aracena<\/li>\n\n\n\n<li>Exclusiva visita guiada y degustaci\u00f3n del mundialmente reconocido Jam\u00f3n Ib\u00e9rico 5J<\/li>\n\n\n\n<li>Visita guiada al impresionante Teatro y Anfiteatro Romano de M\u00e9rida<\/li>\n\n\n\n<li>Pack de bienvenida, que incluye un Road Book muy detallado con notas tipo <em>tulip<\/em> y consejos para sacar el m\u00e1ximo partido al viaje<\/li>\n\n\n\n<li>Coche gu\u00eda y Director de Tour acompa\u00f1ar\u00e1n al grupo durante todo el recorrido<\/li>\n\n\n\n<li>Dise\u00f1o del tour y viaje de reconocimiento previos<\/li>\n\n\n\n<li><em>Los hoteles seleccionados para este tour est\u00e1n sujetos a posibles cambios; en tal caso, ser\u00e1n reemplazados por otros de categor\u00eda similar o superior sin previo aviso.<\/em><\/li>\n<\/ul>\n<\/div>\n<\/div>\n\n\n\n<div class=\"wp-block-buttons is-content-justification-center is-layout-flex wp-container-core-buttons-is-layout-16018d1d wp-block-buttons-is-layout-flex\">\n<div class=\"wp-block-button wrapper-button-inka\"><a class=\"wp-block-button__link wp-element-button\" href=\"https:\/\/pci.jotform.com\/form\/253282731198361\" target=\"_blank\" rel=\"noreferrer noopener\">RESERVE AQUI<\/a><\/div>\n<\/div>\n<\/div><\/div>\n<\/div><\/div>\n\n\n\n<div id=\"contact\" class=\"wp-block-group formulario\"><div class=\"wp-block-group__inner-container is-layout-constrained wp-block-group-is-layout-constrained\">\n<h2 class=\"wp-block-heading subtitulo-ruta subtitulo-contacto has-x-large-font-size\">CONTACT US<\/h2>\n\n\n\n<div class=\"wp-block-columns is-layout-flex wp-container-core-columns-is-layout-9d6595d7 wp-block-columns-is-layout-flex\">\n<div class=\"wp-block-column is-layout-flow wp-block-column-is-layout-flow\"><\/div>\n\n\n\n<div class=\"wp-block-column is-layout-flow wp-block-column-is-layout-flow\">\n<div class=\"wp-block-contact-form-7-contact-form-selector\">\n<div class=\"wpcf7 no-js\" id=\"wpcf7-f1845-o1\" lang=\"es-ES\" dir=\"ltr\">\n<div class=\"screen-reader-response\"><p role=\"status\" aria-live=\"polite\" aria-atomic=\"true\"><\/p> <ul><\/ul><\/div>\n<form action=\"\/es\/wp-json\/wp\/v2\/video_skrn\/3711#wpcf7-f1845-o1\" method=\"post\" class=\"wpcf7-form init\" aria-label=\"Formulario de contacto\" novalidate=\"novalidate\" data-status=\"init\">\n<div style=\"display: none;\">\n<input type=\"hidden\" name=\"_wpcf7\" value=\"1845\" \/>\n<input type=\"hidden\" name=\"_wpcf7_version\" value=\"5.9.8\" \/>\n<input type=\"hidden\" name=\"_wpcf7_locale\" value=\"es_ES\" \/>\n<input type=\"hidden\" name=\"_wpcf7_unit_tag\" value=\"wpcf7-f1845-o1\" \/>\n<input type=\"hidden\" name=\"_wpcf7_container_post\" value=\"0\" \/>\n<input type=\"hidden\" name=\"_wpcf7_posted_data_hash\" value=\"\" \/>\n<input type=\"hidden\" name=\"_wpcf7_recaptcha_response\" value=\"\" \/>\n<\/div>\n<div class=\"campos-iniciales\">\n\t<p><span class=\"wpcf7-form-control-wrap\" data-name=\"your-name\"><input size=\"40\" maxlength=\"400\" class=\"wpcf7-form-control wpcf7-text wpcf7-validates-as-required\" autocomplete=\"name\" aria-required=\"true\" aria-invalid=\"false\" placeholder=\"Nombre\" value=\"\" type=\"text\" name=\"your-name\" \/><\/span>\n\t<\/p>\n\t<p><span class=\"wpcf7-form-control-wrap\" data-name=\"your-email\"><input size=\"40\" maxlength=\"400\" class=\"wpcf7-form-control wpcf7-email wpcf7-validates-as-required wpcf7-text wpcf7-validates-as-email\" autocomplete=\"email\" aria-required=\"true\" aria-invalid=\"false\" placeholder=\"Correo electr\u00f3nico\" value=\"\" type=\"email\" name=\"your-email\" \/><\/span>\n\t<\/p>\n\t<p><span class=\"wpcf7-form-control-wrap\" data-name=\"number-phone\"><input size=\"40\" maxlength=\"400\" class=\"wpcf7-form-control wpcf7-tel wpcf7-text wpcf7-validates-as-tel\" id=\"tel\" aria-invalid=\"false\" placeholder=\"Tel\u00e9fono\" value=\"\" type=\"tel\" name=\"number-phone\" \/><\/span><span class=\"wpcf7-form-control-wrap\" data-name=\"title\"><input size=\"40\" maxlength=\"400\" class=\"wpcf7-form-control wpcf7-text wpcf7-validates-as-required\" aria-required=\"true\" aria-invalid=\"false\" placeholder=\"T\u00edtulo\" value=\"\" type=\"text\" name=\"title\" \/><\/span>\n\t<\/p>\n<\/div>\n<div class=\"campo-message\">\n\t<p><span class=\"wpcf7-form-control-wrap\" data-name=\"message\"><input size=\"40\" maxlength=\"400\" class=\"wpcf7-form-control wpcf7-text wpcf7-validates-as-required message\" aria-required=\"true\" aria-invalid=\"false\" placeholder=\"Mensaje\" value=\"\" type=\"text\" name=\"message\" \/><\/span>\n\t<\/p>\n<\/div>\n<div class=\"acepta-politica\">\n\t<p><span class=\"wpcf7-form-control-wrap\" data-name=\"acceptance-330\"><span class=\"wpcf7-form-control wpcf7-acceptance\"><span class=\"wpcf7-list-item\"><label><input type=\"checkbox\" name=\"acceptance-330\" value=\"1\" aria-invalid=\"false\" \/><span class=\"wpcf7-list-item-label\">He le\u00eddo y acepto el <a href=\"https:\/\/www.classicsontheroad.com\/legal-notice\/\" target=\"_blank\">Aviso Legal<\/a> y la <a href=\"https:\/\/www.classicsontheroad.com\/privacy-policy\/\" target=\"_blank\">Pol\u00edtica de Privacidad<\/a>.<\/span><\/label><\/span><\/span><\/span>\n\t<\/p>\n<\/div>\n<div class=\"footer-form\">\n\t<p><input class=\"wpcf7-form-control wpcf7-submit has-spinner submit\" type=\"submit\" value=\"Env\u00eda\" \/>\n\t<\/p>\n<\/div><p style=\"display: none !important;\" class=\"akismet-fields-container\" data-prefix=\"_wpcf7_ak_\"><label>&#916;<textarea name=\"_wpcf7_ak_hp_textarea\" cols=\"45\" rows=\"8\" maxlength=\"100\"><\/textarea><\/label><input type=\"hidden\" id=\"ak_js_1\" name=\"_wpcf7_ak_js\" value=\"206\"\/><script>document.getElementById( \"ak_js_1\" ).setAttribute( \"value\", ( new Date() ).getTime() );<\/script><\/p><div class=\"wpcf7-response-output\" aria-hidden=\"true\"><\/div>\n<\/form>\n<\/div>\n<\/div>\n<\/div>\n<\/div>\n<\/div><\/div>\n","protected":false},"excerpt":{"rendered":"<p>SPRING TOUR TO EXTREMADURA 2026<\/p>\n","protected":false},"featured_media":3620,"comment_status":"closed","ping_status":"closed","template":"","video-type":[75],"video-genres":[],"video-category":[],"video-cast":[],"video-director":[],"class_list":["post-3711","video_skrn","type-video_skrn","status-publish","has-post-thumbnail","hentry","video-type-unforgettable-classics-es"],"yoast_head":"<!-- This site is optimized with the Yoast SEO plugin v23.5 - https:\/\/yoast.com\/wordpress\/plugins\/seo\/ -->\n<title>Spring tour to Extremadura for Jaguar XK &amp; E-type<\/title>\n<meta name=\"description\" content=\"The Douro Experience\u00a0Open Tour,\u00a0offers an unforgettable\u00a012-day &amp; 11-night journey\u00a0following the course of the majestic\u00a0Douro River.\u00a0From the medieval charm of\u00a0Lerma (Burgos), through the golden plains of\u00a0Castile and Le\u00f3n, the route flows westward into\u00a0Portugal, reaching the Atlantic city of\u00a0Oporto, before returning north through the wild landscapes of\u00a0Castile\u00a0and finishing in the green mountains of\u00a0Asturias.This tour, open to all classic &amp; sports cars, combines history, nature, and the joy of the road: the rolling vineyards of the Ribera del Duero, the winding river canyons, ancient stone villages, and the timeless beauty of the Iberian countryside. As we cross the border, Portugal welcomes us with scenic river valleys, terraced vines, and ancient wineries.\u00a0A complete touring experience along carefully selected secondary roads \u2014 from soft hills to mountain passes\u2014 designed for those who seek not just a destination, but a tour to remember.\" \/>\n<meta name=\"robots\" content=\"index, follow, max-snippet:-1, max-image-preview:large, max-video-preview:-1\" \/>\n<link rel=\"canonical\" href=\"https:\/\/www.classicsontheroad.com\/es\/title\/spring-tour-to-extremadura-19-03-2026\/\" \/>\n<meta property=\"og:locale\" content=\"es_ES\" \/>\n<meta property=\"og:type\" content=\"article\" \/>\n<meta property=\"og:title\" content=\"Spring tour to Extremadura for Jaguar XK &amp; E-type\" \/>\n<meta property=\"og:description\" content=\"The Douro Experience\u00a0Open Tour,\u00a0offers an unforgettable\u00a012-day &amp; 11-night journey\u00a0following the course of the majestic\u00a0Douro River.\u00a0From the medieval charm of\u00a0Lerma (Burgos), through the golden plains of\u00a0Castile and Le\u00f3n, the route flows westward into\u00a0Portugal, reaching the Atlantic city of\u00a0Oporto, before returning north through the wild landscapes of\u00a0Castile\u00a0and finishing in the green mountains of\u00a0Asturias.This tour, open to all classic &amp; sports cars, combines history, nature, and the joy of the road: the rolling vineyards of the Ribera del Duero, the winding river canyons, ancient stone villages, and the timeless beauty of the Iberian countryside. As we cross the border, Portugal welcomes us with scenic river valleys, terraced vines, and ancient wineries.\u00a0A complete touring experience along carefully selected secondary roads \u2014 from soft hills to mountain passes\u2014 designed for those who seek not just a destination, but a tour to remember.\" \/>\n<meta property=\"og:url\" content=\"https:\/\/www.classicsontheroad.com\/es\/title\/spring-tour-to-extremadura-19-03-2026\/\" \/>\n<meta property=\"og:site_name\" content=\"Classics on the road\" \/>\n<meta property=\"article:publisher\" content=\"https:\/\/es-es.facebook.com\/classicsontheroad\" \/>\n<meta property=\"article:modified_time\" content=\"2025-11-25T13:42:24+00:00\" \/>\n<meta property=\"og:image\" content=\"https:\/\/www.classicsontheroad.com\/wp-content\/uploads\/2025\/11\/portada-web.png\" \/>\n\t<meta property=\"og:image:width\" content=\"291\" \/>\n\t<meta property=\"og:image:height\" content=\"389\" \/>\n\t<meta property=\"og:image:type\" content=\"image\/png\" \/>\n<meta name=\"twitter:card\" content=\"summary_large_image\" \/>\n<meta name=\"twitter:site\" content=\"@classicsonroad\" \/>\n<meta name=\"twitter:label1\" content=\"Tiempo de lectura\" \/>\n\t<meta name=\"twitter:data1\" content=\"4 minutos\" \/>\n<script type=\"application\/ld+json\" class=\"yoast-schema-graph\">{\"@context\":\"https:\/\/schema.org\",\"@graph\":[{\"@type\":\"WebPage\",\"@id\":\"https:\/\/www.classicsontheroad.com\/es\/title\/spring-tour-to-extremadura-19-03-2026\/\",\"url\":\"https:\/\/www.classicsontheroad.com\/es\/title\/spring-tour-to-extremadura-19-03-2026\/\",\"name\":\"Spring tour to Extremadura for Jaguar XK & E-type\",\"isPartOf\":{\"@id\":\"https:\/\/www.classicsontheroad.com\/es\/#website\"},\"primaryImageOfPage\":{\"@id\":\"https:\/\/www.classicsontheroad.com\/es\/title\/spring-tour-to-extremadura-19-03-2026\/#primaryimage\"},\"image\":{\"@id\":\"https:\/\/www.classicsontheroad.com\/es\/title\/spring-tour-to-extremadura-19-03-2026\/#primaryimage\"},\"thumbnailUrl\":\"https:\/\/www.classicsontheroad.com\/wp-content\/uploads\/2025\/11\/portada-web.png\",\"datePublished\":\"2025-11-01T09:07:38+00:00\",\"dateModified\":\"2025-11-25T13:42:24+00:00\",\"description\":\"The Douro Experience\u00a0Open Tour,\u00a0offers an unforgettable\u00a012-day & 11-night journey\u00a0following the course of the majestic\u00a0Douro River.\u00a0From the medieval charm of\u00a0Lerma (Burgos), through the golden plains of\u00a0Castile and Le\u00f3n, the route flows westward into\u00a0Portugal, reaching the Atlantic city of\u00a0Oporto, before returning north through the wild landscapes of\u00a0Castile\u00a0and finishing in the green mountains of\u00a0Asturias.This tour, open to all classic & sports cars, combines history, nature, and the joy of the road: the rolling vineyards of the Ribera del Duero, the winding river canyons, ancient stone villages, and the timeless beauty of the Iberian countryside. As we cross the border, Portugal welcomes us with scenic river valleys, terraced vines, and ancient wineries.\u00a0A complete touring experience along carefully selected secondary roads \u2014 from soft hills to mountain passes\u2014 designed for those who seek not just a destination, but a tour to remember.\",\"breadcrumb\":{\"@id\":\"https:\/\/www.classicsontheroad.com\/es\/title\/spring-tour-to-extremadura-19-03-2026\/#breadcrumb\"},\"inLanguage\":\"es\",\"potentialAction\":[{\"@type\":\"ReadAction\",\"target\":[\"https:\/\/www.classicsontheroad.com\/es\/title\/spring-tour-to-extremadura-19-03-2026\/\"]}]},{\"@type\":\"ImageObject\",\"inLanguage\":\"es\",\"@id\":\"https:\/\/www.classicsontheroad.com\/es\/title\/spring-tour-to-extremadura-19-03-2026\/#primaryimage\",\"url\":\"https:\/\/www.classicsontheroad.com\/wp-content\/uploads\/2025\/11\/portada-web.png\",\"contentUrl\":\"https:\/\/www.classicsontheroad.com\/wp-content\/uploads\/2025\/11\/portada-web.png\",\"width\":291,\"height\":389},{\"@type\":\"BreadcrumbList\",\"@id\":\"https:\/\/www.classicsontheroad.com\/es\/title\/spring-tour-to-extremadura-19-03-2026\/#breadcrumb\",\"itemListElement\":[{\"@type\":\"ListItem\",\"position\":1,\"name\":\"Home\",\"item\":\"https:\/\/www.classicsontheroad.com\/es\/\"},{\"@type\":\"ListItem\",\"position\":2,\"name\":\"Videos\",\"item\":\"https:\/\/www.classicsontheroad.com\/es\/title\/\"},{\"@type\":\"ListItem\",\"position\":3,\"name\":\"TOUR POR EXTREMADURA EN PRIMAVERA #19\/03\/2026\"}]},{\"@type\":\"WebSite\",\"@id\":\"https:\/\/www.classicsontheroad.com\/es\/#website\",\"url\":\"https:\/\/www.classicsontheroad.com\/es\/\",\"name\":\"Classics on the Road\",\"description\":\"\",\"publisher\":{\"@id\":\"https:\/\/www.classicsontheroad.com\/es\/#organization\"},\"potentialAction\":[{\"@type\":\"SearchAction\",\"target\":{\"@type\":\"EntryPoint\",\"urlTemplate\":\"https:\/\/www.classicsontheroad.com\/es\/?s={search_term_string}\"},\"query-input\":{\"@type\":\"PropertyValueSpecification\",\"valueRequired\":true,\"valueName\":\"search_term_string\"}}],\"inLanguage\":\"es\"},{\"@type\":\"Organization\",\"@id\":\"https:\/\/www.classicsontheroad.com\/es\/#organization\",\"name\":\"Classics on the Road\",\"url\":\"https:\/\/www.classicsontheroad.com\/es\/\",\"logo\":{\"@type\":\"ImageObject\",\"inLanguage\":\"es\",\"@id\":\"https:\/\/www.classicsontheroad.com\/es\/#\/schema\/logo\/image\/\",\"url\":\"https:\/\/www.classicsontheroad.com\/wp-content\/uploads\/2024\/04\/2022_LOGO_COTR_BLANCO-TRANSPARENTE.png\",\"contentUrl\":\"https:\/\/www.classicsontheroad.com\/wp-content\/uploads\/2024\/04\/2022_LOGO_COTR_BLANCO-TRANSPARENTE.png\",\"width\":888,\"height\":289,\"caption\":\"Classics on the Road\"},\"image\":{\"@id\":\"https:\/\/www.classicsontheroad.com\/es\/#\/schema\/logo\/image\/\"},\"sameAs\":[\"https:\/\/es-es.facebook.com\/classicsontheroad\",\"https:\/\/x.com\/classicsonroad\",\"https:\/\/www.instagram.com\/classics_ontheroad\/\",\"https:\/\/www.youtube.com\/channel\/UCiYMOhxnMwYJ6rUq2SuuVVA\"]}]}<\/script>\n<!-- \/ Yoast SEO plugin. -->","yoast_head_json":{"title":"Spring tour to Extremadura for Jaguar XK & E-type","description":"The Douro Experience\u00a0Open Tour,\u00a0offers an unforgettable\u00a012-day & 11-night journey\u00a0following the course of the majestic\u00a0Douro River.\u00a0From the medieval charm of\u00a0Lerma (Burgos), through the golden plains of\u00a0Castile and Le\u00f3n, the route flows westward into\u00a0Portugal, reaching the Atlantic city of\u00a0Oporto, before returning north through the wild landscapes of\u00a0Castile\u00a0and finishing in the green mountains of\u00a0Asturias.This tour, open to all classic & sports cars, combines history, nature, and the joy of the road: the rolling vineyards of the Ribera del Duero, the winding river canyons, ancient stone villages, and the timeless beauty of the Iberian countryside. As we cross the border, Portugal welcomes us with scenic river valleys, terraced vines, and ancient wineries.\u00a0A complete touring experience along carefully selected secondary roads \u2014 from soft hills to mountain passes\u2014 designed for those who seek not just a destination, but a tour to remember.","robots":{"index":"index","follow":"follow","max-snippet":"max-snippet:-1","max-image-preview":"max-image-preview:large","max-video-preview":"max-video-preview:-1"},"canonical":"https:\/\/www.classicsontheroad.com\/es\/title\/spring-tour-to-extremadura-19-03-2026\/","og_locale":"es_ES","og_type":"article","og_title":"Spring tour to Extremadura for Jaguar XK & E-type","og_description":"The Douro Experience\u00a0Open Tour,\u00a0offers an unforgettable\u00a012-day & 11-night journey\u00a0following the course of the majestic\u00a0Douro River.\u00a0From the medieval charm of\u00a0Lerma (Burgos), through the golden plains of\u00a0Castile and Le\u00f3n, the route flows westward into\u00a0Portugal, reaching the Atlantic city of\u00a0Oporto, before returning north through the wild landscapes of\u00a0Castile\u00a0and finishing in the green mountains of\u00a0Asturias.This tour, open to all classic & sports cars, combines history, nature, and the joy of the road: the rolling vineyards of the Ribera del Duero, the winding river canyons, ancient stone villages, and the timeless beauty of the Iberian countryside. As we cross the border, Portugal welcomes us with scenic river valleys, terraced vines, and ancient wineries.\u00a0A complete touring experience along carefully selected secondary roads \u2014 from soft hills to mountain passes\u2014 designed for those who seek not just a destination, but a tour to remember.","og_url":"https:\/\/www.classicsontheroad.com\/es\/title\/spring-tour-to-extremadura-19-03-2026\/","og_site_name":"Classics on the road","article_publisher":"https:\/\/es-es.facebook.com\/classicsontheroad","article_modified_time":"2025-11-25T13:42:24+00:00","og_image":[{"width":291,"height":389,"url":"https:\/\/www.classicsontheroad.com\/wp-content\/uploads\/2025\/11\/portada-web.png","type":"image\/png"}],"twitter_card":"summary_large_image","twitter_site":"@classicsonroad","twitter_misc":{"Tiempo de lectura":"4 minutos"},"schema":{"@context":"https:\/\/schema.org","@graph":[{"@type":"WebPage","@id":"https:\/\/www.classicsontheroad.com\/es\/title\/spring-tour-to-extremadura-19-03-2026\/","url":"https:\/\/www.classicsontheroad.com\/es\/title\/spring-tour-to-extremadura-19-03-2026\/","name":"Spring tour to Extremadura for Jaguar XK & E-type","isPartOf":{"@id":"https:\/\/www.classicsontheroad.com\/es\/#website"},"primaryImageOfPage":{"@id":"https:\/\/www.classicsontheroad.com\/es\/title\/spring-tour-to-extremadura-19-03-2026\/#primaryimage"},"image":{"@id":"https:\/\/www.classicsontheroad.com\/es\/title\/spring-tour-to-extremadura-19-03-2026\/#primaryimage"},"thumbnailUrl":"https:\/\/www.classicsontheroad.com\/wp-content\/uploads\/2025\/11\/portada-web.png","datePublished":"2025-11-01T09:07:38+00:00","dateModified":"2025-11-25T13:42:24+00:00","description":"The Douro Experience\u00a0Open Tour,\u00a0offers an unforgettable\u00a012-day & 11-night journey\u00a0following the course of the majestic\u00a0Douro River.\u00a0From the medieval charm of\u00a0Lerma (Burgos), through the golden plains of\u00a0Castile and Le\u00f3n, the route flows westward into\u00a0Portugal, reaching the Atlantic city of\u00a0Oporto, before returning north through the wild landscapes of\u00a0Castile\u00a0and finishing in the green mountains of\u00a0Asturias.This tour, open to all classic & sports cars, combines history, nature, and the joy of the road: the rolling vineyards of the Ribera del Duero, the winding river canyons, ancient stone villages, and the timeless beauty of the Iberian countryside. As we cross the border, Portugal welcomes us with scenic river valleys, terraced vines, and ancient wineries.\u00a0A complete touring experience along carefully selected secondary roads \u2014 from soft hills to mountain passes\u2014 designed for those who seek not just a destination, but a tour to remember.","breadcrumb":{"@id":"https:\/\/www.classicsontheroad.com\/es\/title\/spring-tour-to-extremadura-19-03-2026\/#breadcrumb"},"inLanguage":"es","potentialAction":[{"@type":"ReadAction","target":["https:\/\/www.classicsontheroad.com\/es\/title\/spring-tour-to-extremadura-19-03-2026\/"]}]},{"@type":"ImageObject","inLanguage":"es","@id":"https:\/\/www.classicsontheroad.com\/es\/title\/spring-tour-to-extremadura-19-03-2026\/#primaryimage","url":"https:\/\/www.classicsontheroad.com\/wp-content\/uploads\/2025\/11\/portada-web.png","contentUrl":"https:\/\/www.classicsontheroad.com\/wp-content\/uploads\/2025\/11\/portada-web.png","width":291,"height":389},{"@type":"BreadcrumbList","@id":"https:\/\/www.classicsontheroad.com\/es\/title\/spring-tour-to-extremadura-19-03-2026\/#breadcrumb","itemListElement":[{"@type":"ListItem","position":1,"name":"Home","item":"https:\/\/www.classicsontheroad.com\/es\/"},{"@type":"ListItem","position":2,"name":"Videos","item":"https:\/\/www.classicsontheroad.com\/es\/title\/"},{"@type":"ListItem","position":3,"name":"TOUR POR EXTREMADURA EN PRIMAVERA #19\/03\/2026"}]},{"@type":"WebSite","@id":"https:\/\/www.classicsontheroad.com\/es\/#website","url":"https:\/\/www.classicsontheroad.com\/es\/","name":"Classics on the Road","description":"","publisher":{"@id":"https:\/\/www.classicsontheroad.com\/es\/#organization"},"potentialAction":[{"@type":"SearchAction","target":{"@type":"EntryPoint","urlTemplate":"https:\/\/www.classicsontheroad.com\/es\/?s={search_term_string}"},"query-input":{"@type":"PropertyValueSpecification","valueRequired":true,"valueName":"search_term_string"}}],"inLanguage":"es"},{"@type":"Organization","@id":"https:\/\/www.classicsontheroad.com\/es\/#organization","name":"Classics on the Road","url":"https:\/\/www.classicsontheroad.com\/es\/","logo":{"@type":"ImageObject","inLanguage":"es","@id":"https:\/\/www.classicsontheroad.com\/es\/#\/schema\/logo\/image\/","url":"https:\/\/www.classicsontheroad.com\/wp-content\/uploads\/2024\/04\/2022_LOGO_COTR_BLANCO-TRANSPARENTE.png","contentUrl":"https:\/\/www.classicsontheroad.com\/wp-content\/uploads\/2024\/04\/2022_LOGO_COTR_BLANCO-TRANSPARENTE.png","width":888,"height":289,"caption":"Classics on the Road"},"image":{"@id":"https:\/\/www.classicsontheroad.com\/es\/#\/schema\/logo\/image\/"},"sameAs":["https:\/\/es-es.facebook.com\/classicsontheroad","https:\/\/x.com\/classicsonroad","https:\/\/www.instagram.com\/classics_ontheroad\/","https:\/\/www.youtube.com\/channel\/UCiYMOhxnMwYJ6rUq2SuuVVA"]}]}},"_links":{"self":[{"href":"https:\/\/www.classicsontheroad.com\/es\/wp-json\/wp\/v2\/video_skrn\/3711","targetHints":{"allow":["GET"]}}],"collection":[{"href":"https:\/\/www.classicsontheroad.com\/es\/wp-json\/wp\/v2\/video_skrn"}],"about":[{"href":"https:\/\/www.classicsontheroad.com\/es\/wp-json\/wp\/v2\/types\/video_skrn"}],"replies":[{"embeddable":true,"href":"https:\/\/www.classicsontheroad.com\/es\/wp-json\/wp\/v2\/comments?post=3711"}],"wp:featuredmedia":[{"embeddable":true,"href":"https:\/\/www.classicsontheroad.com\/es\/wp-json\/wp\/v2\/media\/3620"}],"wp:attachment":[{"href":"https:\/\/www.classicsontheroad.com\/es\/wp-json\/wp\/v2\/media?parent=3711"}],"wp:term":[{"taxonomy":"video-type","embeddable":true,"href":"https:\/\/www.classicsontheroad.com\/es\/wp-json\/wp\/v2\/video-type?post=3711"},{"taxonomy":"video-genres","embeddable":true,"href":"https:\/\/www.classicsontheroad.com\/es\/wp-json\/wp\/v2\/video-genres?post=3711"},{"taxonomy":"video-category","embeddable":true,"href":"https:\/\/www.classicsontheroad.com\/es\/wp-json\/wp\/v2\/video-category?post=3711"},{"taxonomy":"video-cast","embeddable":true,"href":"https:\/\/www.classicsontheroad.com\/es\/wp-json\/wp\/v2\/video-cast?post=3711"},{"taxonomy":"video-director","embeddable":true,"href":"https:\/\/www.classicsontheroad.com\/es\/wp-json\/wp\/v2\/video-director?post=3711"}],"curies":[{"name":"wp","href":"https:\/\/api.w.org\/{rel}","templated":true}]}}